{"id":25,"date":"2026-07-16T20:41:11","date_gmt":"2026-07-16T20:41:11","guid":{"rendered":"https:\/\/www.pifmizik.com\/index.php\/artiste\/ewake\/"},"modified":"2026-07-18T20:50:34","modified_gmt":"2026-07-18T20:50:34","slug":"ewake","status":"publish","type":"pif_artiste","link":"https:\/\/www.pifmizik.com\/index.php\/artiste\/ewake\/","title":{"rendered":"Ewake"},"content":{"rendered":"<p>Ewake est un projet de musique \u00e9lectronique ax\u00e9 sur la techno deep et psych\u00e9d\u00e9lique. Cr\u00e9\u00e9 en 2012 par Pablo Ragot, son intention est de m\u00e9langer un maximum d\u2019influences et de faire dispara\u00eetre les fronti\u00e8res entre les styles tout en dansant sur un groove solide et acidul\u00e9.<\/p>\n<p>Ses titres, parus sur Techgnosis Records, Alpaka Muzik, ADN Music, Copycow, Sub.Conscience Records et m\u00eame \u00e0 travers un remix sur Zenon Records, apparaissent r\u00e9guli\u00e8rement dans de grands sets de psy-techno \u00e0 travers le monde. Ses exp\u00e9rimentations de tempos et d\u2019ambiances ont forg\u00e9 un style personnel, m\u00ealant basses solides, percussions glitch\u00e9es, sons synth\u00e9tiques psych\u00e9d\u00e9liques et atmosph\u00e8res d\u00e9licates.<\/p>\n<p>Producteur depuis plus de dix ans, il nourrit aussi une passion pour le mix et l\u2019improvisation, proposant des lives et des DJ sets \u00e9volutifs sur des \u00e9v\u00e9nements fran\u00e7ais et internationaux. Cofondateur du collectif Sub.Conscience et de Sub.Conscience Records, il est l\u2019un des artistes les plus actifs de sa sc\u00e8ne.<\/p>\n","protected":false},"featured_media":11,"menu_order":4,"template":"","class_list":["post-25","pif_artiste","type-pif_artiste","status-publish","has-post-thumbnail","hentry"],"_links":{"self":[{"href":"https:\/\/www.pifmizik.com\/index.php\/wp-json\/wp\/v2\/pif_artiste\/25","targetHints":{"allow":["GET"]}}],"collection":[{"href":"https:\/\/www.pifmizik.com\/index.php\/wp-json\/wp\/v2\/pif_artiste"}],"about":[{"href":"https:\/\/www.pifmizik.com\/index.php\/wp-json\/wp\/v2\/types\/pif_artiste"}],"wp:featuredmedia":[{"embeddable":true,"href":"https:\/\/www.pifmizik.com\/index.php\/wp-json\/wp\/v2\/media\/11"}],"wp:attachment":[{"href":"https:\/\/www.pifmizik.com\/index.php\/wp-json\/wp\/v2\/media?parent=25"}],"curies":[{"name":"wp","href":"https:\/\/api.w.org\/{rel}","templated":true}]}}